{"id":2,"date":"2023-07-04T17:03:26","date_gmt":"2023-07-04T17:03:26","guid":{"rendered":"http:\/\/www.markoradler.hu\/?page_id=2"},"modified":"2026-03-07T19:20:30","modified_gmt":"2026-03-07T18:20:30","slug":"kezdooldal","status":"publish","type":"page","link":"http:\/\/www.markoradler.hu\/en\/kezdooldal\/","title":{"rendered":"Main page"},"content":{"rendered":"<div data-elementor-type=\"wp-page\" data-elementor-id=\"2\" class=\"elementor elementor-2\">\n\t\t\t\t\t\t\t\t\t<section class=\"elementor-section elementor-top-section elementor-element elementor-element-f427062 elementor-section-full_width elementor-section-height-min-height elementor-section-stretched elementor-section-height-default elementor-section-items-middle\" data-id=\"f427062\" data-element_type=\"section\" data-settings=\"{&quot;background_background&quot;:&quot;slideshow&quot;,&quot;background_slideshow_gallery&quot;:[{&quot;id&quot;:383,&quot;url&quot;:&quot;http:\\\/\\\/www.markoradler.hu\\\/wp-content\\\/uploads\\\/2023\\\/07\\\/image8-1.jpeg&quot;},{&quot;id&quot;:384,&quot;url&quot;:&quot;http:\\\/\\\/www.markoradler.hu\\\/wp-content\\\/uploads\\\/2023\\\/07\\\/IMG_6703photo-scaled.jpg&quot;},{&quot;id&quot;:386,&quot;url&quot;:&quot;http:\\\/\\\/www.markoradler.hu\\\/wp-content\\\/uploads\\\/2023\\\/07\\\/IMG_6722photo-scaled.jpg&quot;},{&quot;id&quot;:388,&quot;url&quot;:&quot;http:\\\/\\\/www.markoradler.hu\\\/wp-content\\\/uploads\\\/2023\\\/07\\\/en3-scaled.jpeg&quot;},{&quot;id&quot;:390,&quot;url&quot;:&quot;http:\\\/\\\/www.markoradler.hu\\\/wp-content\\\/uploads\\\/2023\\\/07\\\/foto-scaled.jpg&quot;},{&quot;id&quot;:394,&quot;url&quot;:&quot;http:\\\/\\\/www.markoradler.hu\\\/wp-content\\\/uploads\\\/2023\\\/07\\\/2_Marko-Radler-Elvira.jpg&quot;},{&quot;id&quot;:396,&quot;url&quot;:&quot;http:\\\/\\\/www.markoradler.hu\\\/wp-content\\\/uploads\\\/2023\\\/07\\\/munka1.jpg&quot;},{&quot;id&quot;:398,&quot;url&quot;:&quot;http:\\\/\\\/www.markoradler.hu\\\/wp-content\\\/uploads\\\/2023\\\/07\\\/3IMG_6704photo-scaled.jpg&quot;}],&quot;background_slideshow_ken_burns&quot;:&quot;yes&quot;,&quot;stretch_section&quot;:&quot;section-stretched&quot;,&quot;background_slideshow_lazyload&quot;:&quot;yes&quot;,&quot;background_slideshow_loop&quot;:&quot;yes&quot;,&quot;background_slideshow_slide_duration&quot;:5000,&quot;background_slideshow_slide_transition&quot;:&quot;fade&quot;,&quot;background_slideshow_transition_duration&quot;:500,&quot;background_slideshow_ken_burns_zoom_direction&quot;:&quot;in&quot;}\">\n\t\t\t\t\t\t<div class=\"elementor-container elementor-column-gap-no\">\n\t\t\t\t\t<div class=\"elementor-column elementor-col-100 elementor-top-column elementor-element elementor-element-e8cd31b\" data-id=\"e8cd31b\" data-element_type=\"column\">\n\t\t\t<div class=\"elementor-widget-wrap\">\n\t\t\t\t\t\t\t\t\t<\/div>\n\t\t<\/div>\n\t\t\t\t\t\t\t<\/div>\n\t\t<\/section>\n\t\t\t\t<section class=\"elementor-section elementor-top-section elementor-element elementor-element-427b3e7d elementor-section-boxed elementor-section-height-default elementor-section-height-default\" data-id=\"427b3e7d\" data-element_type=\"section\">\n\t\t\t\t\t\t<div class=\"elementor-container elementor-column-gap-default\">\n\t\t\t\t\t<div class=\"elementor-column elementor-col-100 elementor-top-column elementor-element elementor-element-1b4a609\" data-id=\"1b4a609\" data-element_type=\"column\">\n\t\t\t<div class=\"elementor-widget-wrap elementor-element-populated\">\n\t\t\t\t\t\t\t\t<div class=\"elementor-element elementor-element-22eeff78 elementor-widget elementor-widget-text-editor\" data-id=\"22eeff78\" data-element_type=\"widget\" data-widget_type=\"text-editor.default\">\n\t\t\t\t<div class=\"elementor-widget-container\">\n\t\t\t<style>\/*! elementor - v3.15.0 - 31-07-2023 *\/\n.elementor-widget-text-editor.elementor-drop-cap-view-stacked .elementor-drop-cap{background-color:#69727d;color:#fff}.elementor-widget-text-editor.elementor-drop-cap-view-framed .elementor-drop-cap{color:#69727d;border:3px solid;background-color:transparent}.elementor-widget-text-editor:not(.elementor-drop-cap-view-default) .elementor-drop-cap{margin-top:8px}.elementor-widget-text-editor:not(.elementor-drop-cap-view-default) .elementor-drop-cap-letter{width:1em;height:1em}.elementor-widget-text-editor .elementor-drop-cap{float:left;text-align:center;line-height:1;font-size:50px}.elementor-widget-text-editor .elementor-drop-cap-letter{display:inline-block}<\/style>\t\t\t\t<h3 style=\"text-align: center;\">About me<\/h3>\n<div>&nbsp;<\/div>\n<p>2007-ben v\u00e9geztem a Kaposv\u00e1ri Egyetem M\u0171v\u00e9szeti F\u0151iskolai Kar rajztan\u00e1r- vizu\u00e1lis kommunik\u00e1ci\u00f3 tan\u00e1r szak\u00e1n.<\/p>\n<p>1994-t\u0151l veszek r\u00e9szt csoportos \u00e9s egy\u00e9ni ki\u00e1ll\u00edt\u00e1sokon <em>. <\/em>A kort\u00e1rs k\u00e9pz\u0151m\u0171v\u00e9szettel 1996-ban az akkori Iparm\u0171v\u00e9szeti F\u0151iskol\u00e1n a Jand\u00f3 P\u00e9ter \u00e1ltal vezetett Ny\u00e1ri M\u0171v\u00e9szeti Akad\u00e9mia fest\u0151 kurzus\u00e1n ismerkedtem meg. Dekorat\u0151ri tanulm\u00e1nyaim sor\u00e1n a rajzaimat K\u00e1rolyi Andr\u00e1s korrig\u00e1lta. Tolvaly Ern\u0151 m\u0171v\u00e9szett\u00f6rt\u00e9neti el\u0151ad\u00e1sain egyre jobban elm\u00e9ly\u00fcltem a kort\u00e1rs m\u0171v\u00e9szetben. A Kaposv\u00e1ri Egyetem M\u0171v\u00e9szeti&nbsp; Kar\u00e1n R\u00f3nai G\u00e1bort\u00f3l tanultam rajzot \u00e9s fest\u00e9szetet.&nbsp;Inspir\u00e1l\u00f3an hat r\u00e1m Francis Bacon, S\u00e1ndorfi Istv\u00e1n, Gottfried Helnwein m\u0171v\u00e9szete \u00e9pp\u00fagy, mint a hazai kort\u00e1rs m\u0171v\u00e9szet, valamint a spanyol, olasz, jap\u00e1n kort\u00e1rs fest\u00e9szet.<\/p>\n<p>The outside world is ever changing, and the effects of these can crumble a person's inner world. Endanger our inner harmony. Within the soul in the never ending struggles, where the energies break the body apart, from this state i draw my pieces. From the energy i put into art, i use it to find my inner peace. My paintings are expressive and surrealist, while these mostly describe my emotional world's change.<\/p>\n<h3 style=\"text-align: center;\">Exhibitions<\/h3>\n<h5>SOLO EXHIBITIONS<\/h5>\n<ul>\n<li><strong>2023<\/strong>&nbsp;&#8222;Megk\u00e9rd\u0151jelezhetetlen l\u00e9tez\u00e9sem&#8221;, Titok Gal\u00e9ria, Budapest<\/li>\n<li><span style=\"font-weight: bold;\">2022<\/span>&nbsp;\"Inner journey to the borders\", Titok Gallery, Budapest<\/li>\n<li><strong>2021<\/strong> \u201eBels\u0151 v\u00edv\u00f3d\u00e1sok-lelki folyamatok v\u00e1ltoz\u00e1sai\u201d, Corvin M\u0171vel\u0151d\u00e9si H\u00e1z-Erzs\u00e9betligeti Sz\u00ednh\u00e1z,<span style=\"color: var( --e-global-color-text ); font-family: var( --e-global-typography-text-font-family ), Sans-serif; font-weight: var( --e-global-typography-text-font-weight ); font-size: 1.125rem;\">&nbsp; Kamara Gal\u00e9ria, Budapest<\/span><\/li>\n<li><span style=\"color: var( --e-global-color-text ); font-family: var( --e-global-typography-text-font-family ), Sans-serif; font-size: 1.125rem;\"><b>2001<\/b><\/span><span style=\"color: var( --e-global-color-text ); font-family: var( --e-global-typography-text-font-family ), Sans-serif; font-weight: var( --e-global-typography-text-font-weight ); font-size: 1.125rem;\"> M\u0171v\u00e9szetek V\u00f6lgye, Tali\u00e1nd\u00f6r\u00f6gd<\/span><\/li>\n<\/ul>\n<h5>&nbsp;GROUP EXHIBITION<\/h5>\n<ul>\n<li>2026&nbsp; Art and Antique B\u00e1lna, Budapest<\/li><li>2025 FOREVER TIME&nbsp; BREITLING BOUTIQUE BUDAPEST, D\u00e1vid Gal\u00e9ria szervez\u00e9se<\/li>\n<li>2025 H\u00c1RMAK &#8211; M\u00e9lys\u00e9gek \u00e9s magaslatok, Titok Gal\u00e9ria, Budapest<\/li>\n<li><span style=\"font-weight: bold;\">2025&nbsp; THE MEAM HALL, MEAM, Barcelona, Madrid<\/span><\/li>\n<li><span style=\"font-weight: bold;\">2025&nbsp; MOTHER NATURE David Art Gallery, Liszt Institute Brussels, Brussels<\/span><\/li>\n<li><span style=\"font-weight: bold;\">2025&nbsp; AFTER 8 David Art Gallery<\/span>, Budapest<\/li>\n<li><span style=\"font-weight: bold;\">2025 ART AND ANTIQUE B\u00e1lna<\/span>, Budapest<\/li>\n<li><span style=\"font-weight: bold;\">2025 NEVER EMPTY<\/span>&nbsp; ONE David Art Gallery, Budapest<\/li>\n<li><span style=\"font-weight: bold;\">2024 ART EXPO EXHIBITION<\/span>&nbsp;David Art Gallery, Budapest<\/li>\n<li><b>2024 THE TWELVE ART BIENNALE<\/b>&nbsp;David Art Gallery, Budapest<\/li>\n<li><span style=\"font-weight: bold;\">2024 MOTHER NATURE&nbsp;<\/span>David Art Gallery, Budapest<\/li>\n<li><b>2024 MAGYARORSZ\u00c1G NAGYK\u00d6VETS\u00c9GE Lisszabon \/Portug\u00e1lia<\/b><\/li>\n<li><b>2024 FOLLOWING BASQUIAT<\/b> David Art Gallery, Budapest<\/li>\n<li><b>2023 PARIS touches me \/ Shadows and Lights, BSLAW RESIDENCE HOME GALLERY, Brussels<\/b><\/li>\n<li><span style=\"font-weight: bold;\">2023&nbsp;<\/span>NO LIMITS International Art Exhibition, Golden Duck, Budapest<\/li>\n<li><b>2023 <\/b>\u0150szi T\u00e1rlat, Corvin M\u0171v\u00e9szk\u00f6r, Corvin M\u0171vel\u0151d\u00e9si h\u00e1z, Budapest<\/li>\n<li><b>2023 <\/b>Horror Vacui kamaraki\u00e1ll\u00edt\u00e1s, David Art Gallery Budapest<\/li>\n<li><b style=\"font-size: inherit;\">2023<\/b><span style=\"font-size: inherit;\"> Els\u0151 Katal\u00f3gusbemutat\u00f3 ki\u00e1ll\u00edt\u00e1s, Fine Arts Capital\/Golden Duck Gallery, Budapest<\/span><\/li>\n<li><b style=\"color: var( --e-global-color-text ); font-family: var( --e-global-typography-text-font-family ), Sans-serif; font-size: 1.125rem;\">2023 <\/b><span style=\"color: var( --e-global-color-text ); font-family: var( --e-global-typography-text-font-family ), Sans-serif; font-size: 1.125rem;\"><span style=\"font-weight: var( --e-global-typography-text-font-weight );\">\u201eH\u00fasv\u00e9t\u201d, Titok Gal\u00e9ria, Budapest<\/span><\/span><span style=\"color: var( --e-global-color-text ); font-family: var( --e-global-typography-text-font-family ), Sans-serif; font-size: 1.125rem;\"><span style=\"font-weight: var( --e-global-typography-text-font-weight );\">&nbsp;<\/span><\/span><\/li>\n<li><b style=\"color: var( --e-global-color-text ); font-family: var( --e-global-typography-text-font-family ), Sans-serif; font-size: 1.125rem;\">2023 <\/b><span style=\"color: var( --e-global-color-text ); font-family: var( --e-global-typography-text-font-family ), Sans-serif; font-size: 1.125rem;\"><span style=\"font-weight: var( --e-global-typography-text-font-weight );\">ART FOR PEACE, Fine Arts Capital\/Golden Duck Gallery, Budapest<\/span><\/span><\/li>\n<li><b style=\"color: var( --e-global-color-text ); font-family: var( --e-global-typography-text-font-family ), Sans-serif; font-size: 1.125rem;\">2022 <\/b><span style=\"color: var( --e-global-color-text ); font-family: var( --e-global-typography-text-font-family ), Sans-serif; font-size: 1.125rem;\"><span style=\"font-weight: var( --e-global-typography-text-font-weight );\">\u201eInnovart\u201922\u201d k\u00e9pz\u0151m\u0171v\u00e9szeti p\u00e1ly\u00e1zati ki\u00e1ll\u00edt\u00e1s, Jancs\u00f3 Art Gallery, Budapest<\/span><\/span><\/li>\n<li><b style=\"color: var( --e-global-color-text ); font-family: var( --e-global-typography-text-font-family ), Sans-serif; font-size: 1.125rem;\">2022 <\/b><span style=\"color: var( --e-global-color-text ); font-family: var( --e-global-typography-text-font-family ), Sans-serif; font-size: 1.125rem;\"><span style=\"font-weight: var( --e-global-typography-text-font-weight );\">\u201eKezdetek\u201d Golden Duck Gallery &amp; Art Space \u00e9s a Fine Arts Capital, Golden Duck Gallery, Budapest<\/span><\/span><\/li>\n<li><b style=\"color: var( --e-global-color-text ); font-family: var( --e-global-typography-text-font-family ), Sans-serif; font-size: 1.125rem;\">2022 <\/b><span style=\"color: var( --e-global-color-text ); font-family: var( --e-global-typography-text-font-family ), Sans-serif; font-size: 1.125rem;\"><span style=\"font-weight: var( --e-global-typography-text-font-weight );\">\u201eInnovart\u201922\u201d k\u00e9pz\u0151m\u0171v\u00e9szeti p\u00e1ly\u00e1zati ki\u00e1ll\u00edt\u00e1s, UP \u00dajpesti Rendezv\u00e9nyt\u00e9r, Budapest<\/span><\/span><\/li>\n<li><b style=\"color: var( --e-global-color-text ); font-family: var( --e-global-typography-text-font-family ), Sans-serif; font-size: 1.125rem;\">2022 <\/b><span style=\"color: var( --e-global-color-text ); font-family: var( --e-global-typography-text-font-family ), Sans-serif; font-size: 1.125rem;\"><span style=\"font-weight: var( --e-global-typography-text-font-weight );\">\u0150szi aukci\u00f3, V\u00edg \u00c9kszer, Budapest<\/span><\/span><\/li>\n<li><b style=\"color: var( --e-global-color-text ); font-family: var( --e-global-typography-text-font-family ), Sans-serif; font-size: 1.125rem;\">2022 <\/b><span style=\"color: var( --e-global-color-text ); font-family: var( --e-global-typography-text-font-family ), Sans-serif; font-size: 1.125rem;\"><span style=\"font-weight: var( --e-global-typography-text-font-weight );\">\u0150szi T\u00e1rlat, Corvin M\u0171v\u00e9szk\u00f6r, Corvin M\u0171vel\u0151d\u00e9si H\u00e1z, Budapest<\/span><\/span><\/li>\n<li><b style=\"color: var( --e-global-color-text ); font-family: var( --e-global-typography-text-font-family ), Sans-serif; font-size: 1.125rem;\">2022 <\/b><span style=\"color: var( --e-global-color-text ); font-family: var( --e-global-typography-text-font-family ), Sans-serif; font-size: 1.125rem;\"><span style=\"font-weight: var( --e-global-typography-text-font-weight );\">\u201eKort\u00e1rs zene-kort\u00e1rs fest\u00e9szet\u201d, Titok Gal\u00e9ria, Budapest<\/span><\/span><\/li>\n<li><b style=\"color: var( --e-global-color-text ); font-family: var( --e-global-typography-text-font-family ), Sans-serif; font-size: 1.125rem;\">2021 <\/b><span style=\"color: var( --e-global-color-text ); font-family: var( --e-global-typography-text-font-family ), Sans-serif; font-size: 1.125rem;\"><span style=\"font-weight: var( --e-global-typography-text-font-weight );\">\u201eA kar\u00e1csony \u00f6r\u00f6k\u201d, Kov\u00e1cs Attila Gal\u00e9ria, XVI. ker. Polg\u00e1rmesteri Hivatal, Budapest<\/span><\/span><\/li>\n<li><b style=\"color: var( --e-global-color-text ); font-family: var( --e-global-typography-text-font-family ), Sans-serif; font-size: 1.125rem;\">2021 <\/b><span style=\"color: var( --e-global-color-text ); font-family: var( --e-global-typography-text-font-family ), Sans-serif; font-size: 1.125rem;\"><span style=\"font-weight: var( --e-global-typography-text-font-weight );\">\u201eMoho\u201d sapiens k\u00e9pz\u0151m\u0171v\u00e9szeti p\u00e1ly\u00e1zat, K11 M\u0171v\u00e9szeti \u00e9s Kultur\u00e1lis K\u00f6zpont, Budapest<\/span><\/span><\/li>\n<li><b style=\"color: var( --e-global-color-text ); font-family: var( --e-global-typography-text-font-family ), Sans-serif; font-size: 1.125rem;\">2021 <\/b><span style=\"color: var( --e-global-color-text ); font-family: var( --e-global-typography-text-font-family ), Sans-serif; font-weight: var( --e-global-typography-text-font-weight ); font-size: 1.125rem;\">Az 1956-os forradalom \u00e9s szabads\u00e1gharc tisztelet\u00e9re rendezett ki\u00e1ll\u00edt\u00e1s, Kov\u00e1cs Attila Gal\u00e9ria,&nbsp;<\/span><span style=\"color: var( --e-global-color-text ); font-family: var( --e-global-typography-text-font-family ), Sans-serif; font-size: 1.125rem;\"><span style=\"font-weight: var( --e-global-typography-text-font-weight );\">XVI. ker. Polg\u00e1rmesteri Hivatal, Budapest<\/span><\/span><\/li>\n<li><b style=\"color: var( --e-global-color-text ); font-family: var( --e-global-typography-text-font-family ), Sans-serif; font-size: 1.125rem;\">2020 <\/b><span style=\"color: var( --e-global-color-text ); font-family: var( --e-global-typography-text-font-family ), Sans-serif; font-size: 1.125rem;\"><span style=\"font-weight: var( --e-global-typography-text-font-weight );\">\u201eTrianon 100\u201d Eml\u00e9kki\u00e1ll\u00edt\u00e1s, Corvin M\u0171vel\u0151d\u00e9si H\u00e1z, Budapest<\/span><\/span><\/li>\n<li><b style=\"color: var( --e-global-color-text ); font-family: var( --e-global-typography-text-font-family ), Sans-serif; font-size: 1.125rem;\">2018 <\/b><span style=\"color: var( --e-global-color-text ); font-family: var( --e-global-typography-text-font-family ), Sans-serif; font-size: 1.125rem;\"><span style=\"font-weight: var( --e-global-typography-text-font-weight );\">\u201eElk\u00e9pzelt jelen\u201d p\u00e1ly\u00e1zati ki\u00e1ll\u00edt\u00e1s, Szikra Gal\u00e9ria, J\u00e1szber\u00e9ny<\/span><\/span><\/li>\n<li><b style=\"color: var( --e-global-color-text ); font-family: var( --e-global-typography-text-font-family ), Sans-serif; font-size: 1.125rem;\">2017-21<\/b><span style=\"color: var( --e-global-color-text ); font-family: var( --e-global-typography-text-font-family ), Sans-serif; font-size: 1.125rem;\"><span style=\"font-weight: var( --e-global-typography-text-font-weight );\"> \u0150szi T\u00e1rlat, Corvin M\u0171v\u00e9szk\u00f6r, Corvin M\u0171vel\u0151d\u00e9si H\u00e1z, Budapest<\/span><\/span><\/li>\n<li><b style=\"color: var( --e-global-color-text ); font-family: var( --e-global-typography-text-font-family ), Sans-serif; font-size: 1.125rem;\">2017 <\/b><span style=\"color: var( --e-global-color-text ); font-family: var( --e-global-typography-text-font-family ), Sans-serif; font-size: 1.125rem;\"><span style=\"font-weight: var( --e-global-typography-text-font-weight );\">\u201eMegform\u00e1lt val\u00f3s\u00e1g\u201d p\u00e1ly\u00e1zati ki\u00e1ll\u00edt\u00e1s, Szikra Gal\u00e9ria, J\u00e1szber\u00e9ny<\/span><\/span><\/li>\n<li><b style=\"color: var( --e-global-color-text ); font-family: var( --e-global-typography-text-font-family ), Sans-serif; font-size: 1.125rem;\">2015 <\/b><span style=\"color: var( --e-global-color-text ); font-family: var( --e-global-typography-text-font-family ), Sans-serif; font-size: 1.125rem;\"><span style=\"font-weight: var( --e-global-typography-text-font-weight );\">\u0150szi T\u00e1rlat, Corvin M\u0171v\u00e9szk\u00f6r, Corvin M\u0171vel\u0151d\u00e9si H\u00e1z, Budapest<\/span><\/span><\/li>\n<li><b style=\"color: var( --e-global-color-text ); font-family: var( --e-global-typography-text-font-family ), Sans-serif; font-size: 1.125rem;\">2009 <\/b><span style=\"color: var( --e-global-color-text ); font-family: var( --e-global-typography-text-font-family ), Sans-serif; font-size: 1.125rem;\"><span style=\"font-weight: var( --e-global-typography-text-font-weight );\">Stef\u00e1nia Kultur\u00e1lis K\u00f6zpont, Stef\u00e1nia Palota, Stef\u00e1nia Gal\u00e9ria, Budapest<\/span><\/span><\/li>\n<li><b style=\"color: var( --e-global-color-text ); font-family: var( --e-global-typography-text-font-family ), Sans-serif; font-size: 1.125rem;\">2007 <\/b><span style=\"color: var( --e-global-color-text ); font-family: var( --e-global-typography-text-font-family ), Sans-serif; font-size: 1.125rem;\"><span style=\"font-weight: var( --e-global-typography-text-font-weight );\">Diploma ki\u00e1ll\u00edt\u00e1s, Kaposv\u00e1r<\/span><\/span><\/li>\n<li><b style=\"color: var( --e-global-color-text ); font-family: var( --e-global-typography-text-font-family ), Sans-serif; font-size: 1.125rem;\">2000 <\/b><span style=\"color: var( --e-global-color-text ); font-family: var( --e-global-typography-text-font-family ), Sans-serif; font-weight: var( --e-global-typography-text-font-weight ); font-size: 1.125rem;\">Amator Artium megyei \u00e9s f\u0151v\u00e1rosi bev\u00e1logat\u00e1s a XVII. Orsz\u00e1gos K\u00e9pz\u0151- \u00e9s Iparm\u0171v\u00e9szeti T<\/span><span style=\"color: var( --e-global-color-text ); font-family: var( --e-global-typography-text-font-family ), Sans-serif; font-size: 1.125rem;\"><span style=\"font-weight: var( --e-global-typography-text-font-weight );\">\u00e1rlat Eszencia Ki\u00e1ll\u00edt\u00e1s\u00e1ra, Gy\u0151r, Budapest<\/span><\/span><\/li>\n<li><b style=\"color: var( --e-global-color-text ); font-family: var( --e-global-typography-text-font-family ), Sans-serif; font-size: 1.125rem;\">1999 <\/b><span style=\"color: var( --e-global-color-text ); font-family: var( --e-global-typography-text-font-family ), Sans-serif; font-size: 1.125rem;\"><span style=\"font-weight: var( --e-global-typography-text-font-weight );\">Z\u00e1r\u00f3ki\u00e1ll\u00edt\u00e1s, Sz\u0151nyi Istv\u00e1n K\u00e9pz\u0151m\u0171v\u00e9szeti Szabadiskola, Zebeg\u00e9ny<\/span><\/span><\/li>\n<li><b style=\"color: var( --e-global-color-text ); font-family: var( --e-global-typography-text-font-family ), Sans-serif; font-size: 1.125rem;\">1996 <\/b><span style=\"color: var( --e-global-color-text ); font-family: var( --e-global-typography-text-font-family ), Sans-serif; font-size: 1.125rem;\"><span style=\"font-weight: var( --e-global-typography-text-font-weight );\">Z\u00e1r\u00f3ki\u00e1ll\u00edt\u00e1s, Ny\u00e1ri M\u0171v\u00e9szeti Akad\u00e9mia, Magyar Iparm\u0171v\u00e9szeti F\u0151iskola, Budapest<\/span><\/span><\/li>\n<li><b style=\"color: var( --e-global-color-text ); font-family: var( --e-global-typography-text-font-family ), Sans-serif; font-size: 1.125rem;\">1994-96<\/b><span style=\"color: var( --e-global-color-text ); font-family: var( --e-global-typography-text-font-family ), Sans-serif; font-weight: var( --e-global-typography-text-font-weight ); font-size: 1.125rem;\"> Z\u00e1r\u00f3ki\u00e1ll\u00edt\u00e1sok, \u201eFerenczi J\u00f3zsef\u201d Nemzetk\u00f6zi Alkot\u00f3- \u00e9s M\u0171v\u00e9szt\u00e1bor, Sarr\u00f3d<\/span><\/li>\n<\/ul>\n<p><span style=\"color: var( --e-global-color-text ); font-family: var( --e-global-typography-text-font-family ), Sans-serif; font-weight: var( --e-global-typography-text-font-weight ); font-size: 1.125rem;\">&nbsp;<\/span><\/p>\n<h5 style=\"text-align: center;\"><span style=\"font-size: 18px;\">SAJT\u00d3MEGJELEN\u00c9SEK, PUBLIK\u00c1CI\u00d3K<\/span><\/h5>\n<div><span style=\"font-size: 18px;\">&nbsp;<\/span><\/div>\n<p style=\"padding: 0px 0px 0.75rem; margin-bottom: 0px; color: #cccccc; font-family: Metropolis, Metropolis-Fallback, 'Apple Color Emoji', 'Noto Color Emoji', sans-serif; font-size: 17.2px; letter-spacing: -0.6px; -webkit-tap-highlight-color: transparent !important;\">2024 &#8211; 2025 \/ I. \/ XIV.&nbsp;<span style=\"font-size: 17.2px; letter-spacing: -0.6px; font-weight: bold; -webkit-tap-highlight-color: transparent !important;\">ARTSCAP<\/span><span style=\"font-size: 17.2px; letter-spacing: -0.6px;\">&nbsp;<\/span><span style=\"font-size: 17.2px; letter-spacing: -0.6px;\">\/ CONTEMPORARY ART MAGAZINE<\/span><\/p>\n<p><span style=\"font-size: 18px; color: var( --e-global-color-text ); font-family: var( --e-global-typography-text-font-family ), Sans-serif; font-weight: var( --e-global-typography-text-font-weight );\"><strong>2024 Majoros \u00c1rp\u00e1d 100 festm\u00e9ny 100 gondolat<\/strong>&nbsp; Fine Arts Capital M\u0171v\u00e9szeti Egyes\u00fclet ISBN: 978-615-02-1246-3&nbsp; &nbsp; &nbsp; &nbsp; &nbsp; &nbsp; &nbsp; &nbsp; &nbsp; &nbsp; &nbsp; &nbsp; &nbsp; &nbsp; &nbsp; &nbsp; &nbsp; &nbsp; &nbsp; &nbsp; <\/span><span style=\"font-size: 18px; color: var( --e-global-color-text ); font-family: var( --e-global-typography-text-font-family ), Sans-serif; font-weight: var( --e-global-typography-text-font-weight );\"><strong>2022<\/strong> ArtsCap Kort\u00e1rs M\u0171v\u00e9szeti Magazin, ARTsCAP 2022\/ 2 \/ XI&nbsp; &nbsp; &nbsp; &nbsp; &nbsp; &nbsp; &nbsp; &nbsp; &nbsp; &nbsp; &nbsp; &nbsp; &nbsp; &nbsp; &nbsp; &nbsp; &nbsp; &nbsp; &nbsp; &nbsp; &nbsp; &nbsp; &nbsp; &nbsp; &nbsp; &nbsp; &nbsp; &nbsp; &nbsp; &nbsp; &nbsp; &nbsp; &nbsp; &nbsp; &nbsp; &nbsp; &nbsp; &nbsp; &nbsp; &nbsp; &nbsp; &nbsp; &nbsp; &nbsp; &nbsp; &nbsp; &nbsp; &nbsp; &nbsp; &nbsp; &nbsp; &nbsp; &nbsp; &nbsp; &nbsp; &nbsp; &nbsp; &nbsp; &nbsp; &nbsp; &nbsp; &nbsp; &nbsp; &nbsp;<\/span><span style=\"font-size: 18px; color: var( --e-global-color-text ); font-family: var( --e-global-typography-text-font-family ), Sans-serif; font-weight: var( --e-global-typography-text-font-weight );\"><strong>2022<\/strong> Jancs\u00f3 Art Gallery M\u0171v\u00e9szeti Egyes\u00fclet K\u00e9pz\u0151m\u0171v\u00e9szeti p\u00e1ly\u00e1zat Innovart\u201922 Catalogue&nbsp; &nbsp; &nbsp; &nbsp; &nbsp; &nbsp; &nbsp; &nbsp; &nbsp; &nbsp; &nbsp; &nbsp; &nbsp; &nbsp; &nbsp; &nbsp; &nbsp; &nbsp; &nbsp; &nbsp; &nbsp; &nbsp; &nbsp; &nbsp; &nbsp; &nbsp; &nbsp; &nbsp; &nbsp; &nbsp; &nbsp; &nbsp; &nbsp; &nbsp; &nbsp; &nbsp; &nbsp; <\/span><span style=\"font-size: 18px; color: var( --e-global-color-text ); font-family: var( --e-global-typography-text-font-family ), Sans-serif; font-weight: var( --e-global-typography-text-font-weight );\"><strong>2020<\/strong> Trianon 100 \u00e9s \u0150szi T\u00e1rlat, XVI.ker. \u00d6nkorm\u00e1nyzat lapja XXIX. \u00e9vfolyam 18. sz\u00e1m<br><\/span><span style=\"font-size: 18px; color: var( --e-global-color-text ); font-family: var( --e-global-typography-text-font-family ), Sans-serif; font-weight: var( --e-global-typography-text-font-weight );\"><strong>2000<\/strong> Amator Artium XVII. Orsz\u00e1gos K\u00e9pz\u0151- \u00e9s Iparm\u0171v\u00e9szeti T\u00e1rlat Eszencia Ki\u00e1ll\u00edt\u00e1s, Magyar M\u0171vel\u0151d\u00e9si Int\u00e9zet Budapest, 2000 Katal\u00f3gus ISBN: 963 651 433 X<\/span><\/p>\n<h5 style=\"text-align: center;\">D\u00cdJAK<\/h5>\n<p><span style=\"font-size: 18px; color: var( --e-global-color-text ); font-family: var( --e-global-typography-text-font-family ), Sans-serif; font-weight: var( --e-global-typography-text-font-weight );\">2022 Jancs\u00f3 Art Gallery, Budapest, Innovart\u2019 22 k\u00e9pz\u0151m\u0171v\u00e9szeti p\u00e1ly\u00e1zat, II. helyezett.<br><\/span><span style=\"font-size: 18px; color: var( --e-global-color-text ); font-family: var( --e-global-typography-text-font-family ), Sans-serif; font-weight: var( --e-global-typography-text-font-weight );\">2021 Jancs\u00f3 Art Gallery, Budapest, \u201eMoho\u201d sapiens k\u00e9pz\u0151m\u0171v\u00e9szeti p\u00e1ly\u00e1zat I. helyezett.<\/span><\/p>\n<h5 style=\"text-align: center;\">P\u00c1LY\u00c1ZATOK<\/h5>\n<p style=\"text-align: left;\"><span style=\"font-size: 18px; color: var( --e-global-color-text ); font-family: var( --e-global-typography-text-font-family ), Sans-serif; font-weight: var( --e-global-typography-text-font-weight );\"><strong>2022<\/strong> Jancs\u00f3 Art Gallery, Budapest, Innovart\u2019 22 k\u00e9pz\u0151m\u0171v\u00e9szeti p\u00e1ly\u00e1zat<br><\/span><span style=\"color: var( --e-global-color-text ); font-family: var( --e-global-typography-text-font-family ), Sans-serif; font-size: 18px; font-weight: var( --e-global-typography-text-font-weight );\"><strong>2021<\/strong> Jancs\u00f3 Art Gallery, Budapest, \u201eMoho\u201d sapiens k\u00e9pz\u0151m\u0171v\u00e9szeti p\u00e1ly\u00e1zat<br><\/span><span style=\"font-size: 18px; color: var( --e-global-color-text ); font-family: var( --e-global-typography-text-font-family ), Sans-serif; font-weight: var( --e-global-typography-text-font-weight );\"><strong>2018<\/strong> Szikra Gal\u00e9ria, az \u201eELK\u00c9PZELT JELEN\u201d c. p\u00e1ly\u00e1zat, J\u00e1szber\u00e9ny<br><\/span><span style=\"font-size: 18px; color: var( --e-global-color-text ); font-family: var( --e-global-typography-text-font-family ), Sans-serif; font-weight: var( --e-global-typography-text-font-weight );\"><strong>2017<\/strong> Szikra Gal\u00e9ria, a \u201eMEGFORM\u00c1LT VAL\u00d3S\u00c1G\u201d c. p\u00e1ly\u00e1zat, J\u00e1szber\u00e9ny<\/span><span style=\"font-size: 18px; color: var( --e-global-color-text ); font-family: var( --e-global-typography-text-font-family ), Sans-serif; font-weight: var( --e-global-typography-text-font-weight );\">&nbsp;<\/span><\/p>\n<h5 style=\"text-align: center;\"><span style=\"font-size: 18px;\">SZERVEZETI TAGS\u00c1G&nbsp;<\/span><\/h5>\n<div><span style=\"font-size: 18px;\">&nbsp;<\/span><\/div>\n<p><span style=\"font-size: 18px;\">2022-t\u0151l Fine Arts Capital M\u0171v\u00e9szeti Egyes\u00fclet<\/span><span style=\"color: var( --e-global-color-text ); font-family: var( --e-global-typography-text-font-family ), Sans-serif; font-weight: var( --e-global-typography-text-font-weight ); font-size: 1.125rem;\">&nbsp;<\/span><\/p>\n<h5 style=\"text-align: center;\"><span style=\"font-size: 18px;\">KAPCSOLAT:<\/span><\/h5>\n<p>https:\/\/markoradler.hu<\/p>\n<p>e-mail: elviramarkoradler@gmail.com<\/p>\n<p>Artfacts: Elvira Marko-Radler<\/p>\n<p>Facebook: elvira.markoradler<\/p>\n<p>Instagram: @markoradlerelvira&nbsp;<\/p>\n<p>Partner: David Art Gallery&nbsp;<\/p>\n<p><!-- \/wp:paragraph --><\/p>\t\t\t\t\t\t<\/div>\n\t\t\t\t<\/div>\n\t\t\t\t<div class=\"elementor-element elementor-element-35100e8 elementor-widget elementor-widget-text-editor\" data-id=\"35100e8\" data-element_type=\"widget\" data-widget_type=\"text-editor.default\">\n\t\t\t\t<div class=\"elementor-widget-container\">\n\t\t\t\t\t\t\t\t\t\t\t\t\t<\/div>\n\t\t\t\t<\/div>\n\t\t\t\t\t<\/div>\n\t\t<\/div>\n\t\t\t\t\t\t\t<\/div>\n\t\t<\/section>\n\t\t\t\t\t\t\t<\/div>","protected":false},"excerpt":{"rendered":"<p>Magamr\u00f3l &nbsp; 2007-ben v\u00e9geztem a Kaposv\u00e1ri Egyetem M\u0171v\u00e9szeti F\u0151iskolai Kar rajztan\u00e1r- vizu\u00e1lis kommunik\u00e1ci\u00f3 tan\u00e1r szak\u00e1n. 1994-t\u0151l veszek r\u00e9szt csoportos \u00e9s egy\u00e9ni ki\u00e1ll\u00edt\u00e1sokon . A kort\u00e1rs k\u00e9pz\u0151m\u0171v\u00e9szettel 1996-ban az akkori Iparm\u0171v\u00e9szeti<\/p>\n<p class=\"more-link\"><a href=\"http:\/\/www.markoradler.hu\/en\/kezdooldal\/\" class=\"readmore\">Continue reading&#8230;<span class=\"screen-reader-text\">Main page<\/span><\/a><\/p>","protected":false},"author":1,"featured_media":0,"parent":0,"menu_order":4,"comment_status":"closed","ping_status":"open","template":"elementor_header_footer","meta":{"_monsterinsights_skip_tracking":false,"_monsterinsights_sitenote_active":false,"_monsterinsights_sitenote_note":"","_monsterinsights_sitenote_category":0,"footnotes":""},"class_list":["post-2","page","type-page","status-publish","hentry"],"yoast_head":"<!-- This site is optimized with the Yoast SEO plugin v20.12 - https:\/\/yoast.com\/wordpress\/plugins\/seo\/ -->\n<title>Kezd\u0151oldal - Mark\u00f3-R\u00e1dler Elvira<\/title>\n<meta name=\"robots\" content=\"index, follow, max-snippet:-1, max-image-preview:large, max-video-preview:-1\" \/>\n<link rel=\"canonical\" href=\"http:\/\/www.markoradler.hu\/en\/kezdooldal\/\" \/>\n<meta property=\"og:locale\" content=\"en_US\" \/>\n<meta property=\"og:type\" content=\"article\" \/>\n<meta property=\"og:title\" content=\"Kezd\u0151oldal - Mark\u00f3-R\u00e1dler Elvira\" \/>\n<meta property=\"og:description\" content=\"Magamr\u00f3l &nbsp; 2007-ben v\u00e9geztem a Kaposv\u00e1ri Egyetem M\u0171v\u00e9szeti F\u0151iskolai Kar rajztan\u00e1r- vizu\u00e1lis kommunik\u00e1ci\u00f3 tan\u00e1r szak\u00e1n. 1994-t\u0151l veszek r\u00e9szt csoportos \u00e9s egy\u00e9ni ki\u00e1ll\u00edt\u00e1sokon . A kort\u00e1rs k\u00e9pz\u0151m\u0171v\u00e9szettel 1996-ban az akkori Iparm\u0171v\u00e9szetiContinue reading...Kezd\u0151oldal\" \/>\n<meta property=\"og:url\" content=\"http:\/\/www.markoradler.hu\/en\/kezdooldal\/\" \/>\n<meta property=\"og:site_name\" content=\"Mark\u00f3-R\u00e1dler Elvira\" \/>\n<meta property=\"article:modified_time\" content=\"2026-03-07T18:20:30+00:00\" \/>\n<meta name=\"twitter:card\" content=\"summary_large_image\" \/>\n<meta name=\"twitter:label1\" content=\"Est. reading time\" \/>\n\t<meta name=\"twitter:data1\" content=\"4 minutes\" \/>\n<script type=\"application\/ld+json\" class=\"yoast-schema-graph\">{\"@context\":\"https:\/\/schema.org\",\"@graph\":[{\"@type\":\"WebPage\",\"@id\":\"https:\/\/www.markoradler.hu\/kezdooldal\/\",\"url\":\"https:\/\/www.markoradler.hu\/kezdooldal\/\",\"name\":\"Kezd\u0151oldal - Mark\u00f3-R\u00e1dler Elvira\",\"isPartOf\":{\"@id\":\"https:\/\/www.markoradler.hu\/en\/#website\"},\"datePublished\":\"2023-07-04T17:03:26+00:00\",\"dateModified\":\"2026-03-07T18:20:30+00:00\",\"breadcrumb\":{\"@id\":\"https:\/\/www.markoradler.hu\/kezdooldal\/#breadcrumb\"},\"inLanguage\":\"en-US\",\"potentialAction\":[{\"@type\":\"ReadAction\",\"target\":[\"https:\/\/www.markoradler.hu\/kezdooldal\/\"]}]},{\"@type\":\"BreadcrumbList\",\"@id\":\"https:\/\/www.markoradler.hu\/kezdooldal\/#breadcrumb\",\"itemListElement\":[{\"@type\":\"ListItem\",\"position\":1,\"name\":\"Home\",\"item\":\"https:\/\/www.markoradler.hu\/en\/\"},{\"@type\":\"ListItem\",\"position\":2,\"name\":\"Kezd\u0151oldal\"}]},{\"@type\":\"WebSite\",\"@id\":\"https:\/\/www.markoradler.hu\/en\/#website\",\"url\":\"https:\/\/www.markoradler.hu\/en\/\",\"name\":\"Mark\u00f3-R\u00e1dler Elvira\",\"description\":\"Fest\u0151m\u0171v\u00e9sz\",\"publisher\":{\"@id\":\"https:\/\/www.markoradler.hu\/en\/#organization\"},\"potentialAction\":[{\"@type\":\"SearchAction\",\"target\":{\"@type\":\"EntryPoint\",\"urlTemplate\":\"https:\/\/www.markoradler.hu\/en\/?s={search_term_string}\"},\"query-input\":\"required name=search_term_string\"}],\"inLanguage\":\"en-US\"},{\"@type\":\"Organization\",\"@id\":\"https:\/\/www.markoradler.hu\/en\/#organization\",\"name\":\"Mark\u00f3-R\u00e1dler Elvira\",\"url\":\"https:\/\/www.markoradler.hu\/en\/\",\"logo\":{\"@type\":\"ImageObject\",\"inLanguage\":\"en-US\",\"@id\":\"https:\/\/www.markoradler.hu\/en\/#\/schema\/logo\/image\/\",\"url\":\"http:\/\/www.markoradler.hu\/wp-content\/uploads\/2023\/07\/cropped-logo-szines-korvonal3.png\",\"contentUrl\":\"http:\/\/www.markoradler.hu\/wp-content\/uploads\/2023\/07\/cropped-logo-szines-korvonal3.png\",\"width\":250,\"height\":250,\"caption\":\"Mark\u00f3-R\u00e1dler Elvira\"},\"image\":{\"@id\":\"https:\/\/www.markoradler.hu\/en\/#\/schema\/logo\/image\/\"}}]}<\/script>\n<!-- \/ Yoast SEO plugin. -->","yoast_head_json":{"title":"Kezd\u0151oldal - Mark\u00f3-R\u00e1dler Elvira","robots":{"index":"index","follow":"follow","max-snippet":"max-snippet:-1","max-image-preview":"max-image-preview:large","max-video-preview":"max-video-preview:-1"},"canonical":"http:\/\/www.markoradler.hu\/en\/kezdooldal\/","og_locale":"en_US","og_type":"article","og_title":"Kezd\u0151oldal - Mark\u00f3-R\u00e1dler Elvira","og_description":"Magamr\u00f3l &nbsp; 2007-ben v\u00e9geztem a Kaposv\u00e1ri Egyetem M\u0171v\u00e9szeti F\u0151iskolai Kar rajztan\u00e1r- vizu\u00e1lis kommunik\u00e1ci\u00f3 tan\u00e1r szak\u00e1n. 1994-t\u0151l veszek r\u00e9szt csoportos \u00e9s egy\u00e9ni ki\u00e1ll\u00edt\u00e1sokon . A kort\u00e1rs k\u00e9pz\u0151m\u0171v\u00e9szettel 1996-ban az akkori Iparm\u0171v\u00e9szetiContinue reading...Kezd\u0151oldal","og_url":"http:\/\/www.markoradler.hu\/en\/kezdooldal\/","og_site_name":"Mark\u00f3-R\u00e1dler Elvira","article_modified_time":"2026-03-07T18:20:30+00:00","twitter_card":"summary_large_image","twitter_misc":{"Est. reading time":"4 minutes"},"schema":{"@context":"https:\/\/schema.org","@graph":[{"@type":"WebPage","@id":"https:\/\/www.markoradler.hu\/kezdooldal\/","url":"https:\/\/www.markoradler.hu\/kezdooldal\/","name":"Kezd\u0151oldal - Mark\u00f3-R\u00e1dler Elvira","isPartOf":{"@id":"https:\/\/www.markoradler.hu\/en\/#website"},"datePublished":"2023-07-04T17:03:26+00:00","dateModified":"2026-03-07T18:20:30+00:00","breadcrumb":{"@id":"https:\/\/www.markoradler.hu\/kezdooldal\/#breadcrumb"},"inLanguage":"en-US","potentialAction":[{"@type":"ReadAction","target":["https:\/\/www.markoradler.hu\/kezdooldal\/"]}]},{"@type":"BreadcrumbList","@id":"https:\/\/www.markoradler.hu\/kezdooldal\/#breadcrumb","itemListElement":[{"@type":"ListItem","position":1,"name":"Home","item":"https:\/\/www.markoradler.hu\/en\/"},{"@type":"ListItem","position":2,"name":"Kezd\u0151oldal"}]},{"@type":"WebSite","@id":"https:\/\/www.markoradler.hu\/en\/#website","url":"https:\/\/www.markoradler.hu\/en\/","name":"Mark\u00f3-R\u00e1dler Elvira","description":"Fest\u0151m\u0171v\u00e9sz","publisher":{"@id":"https:\/\/www.markoradler.hu\/en\/#organization"},"potentialAction":[{"@type":"SearchAction","target":{"@type":"EntryPoint","urlTemplate":"https:\/\/www.markoradler.hu\/en\/?s={search_term_string}"},"query-input":"required name=search_term_string"}],"inLanguage":"en-US"},{"@type":"Organization","@id":"https:\/\/www.markoradler.hu\/en\/#organization","name":"Mark\u00f3-R\u00e1dler Elvira","url":"https:\/\/www.markoradler.hu\/en\/","logo":{"@type":"ImageObject","inLanguage":"en-US","@id":"https:\/\/www.markoradler.hu\/en\/#\/schema\/logo\/image\/","url":"http:\/\/www.markoradler.hu\/wp-content\/uploads\/2023\/07\/cropped-logo-szines-korvonal3.png","contentUrl":"http:\/\/www.markoradler.hu\/wp-content\/uploads\/2023\/07\/cropped-logo-szines-korvonal3.png","width":250,"height":250,"caption":"Mark\u00f3-R\u00e1dler Elvira"},"image":{"@id":"https:\/\/www.markoradler.hu\/en\/#\/schema\/logo\/image\/"}}]}},"_links":{"self":[{"href":"http:\/\/www.markoradler.hu\/en\/wp-json\/wp\/v2\/pages\/2","targetHints":{"allow":["GET"]}}],"collection":[{"href":"http:\/\/www.markoradler.hu\/en\/wp-json\/wp\/v2\/pages"}],"about":[{"href":"http:\/\/www.markoradler.hu\/en\/wp-json\/wp\/v2\/types\/page"}],"author":[{"embeddable":true,"href":"http:\/\/www.markoradler.hu\/en\/wp-json\/wp\/v2\/users\/1"}],"replies":[{"embeddable":true,"href":"http:\/\/www.markoradler.hu\/en\/wp-json\/wp\/v2\/comments?post=2"}],"version-history":[{"count":158,"href":"http:\/\/www.markoradler.hu\/en\/wp-json\/wp\/v2\/pages\/2\/revisions"}],"predecessor-version":[{"id":1061,"href":"http:\/\/www.markoradler.hu\/en\/wp-json\/wp\/v2\/pages\/2\/revisions\/1061"}],"wp:attachment":[{"href":"http:\/\/www.markoradler.hu\/en\/wp-json\/wp\/v2\/media?parent=2"}],"curies":[{"name":"wp","href":"https:\/\/api.w.org\/{rel}","templated":true}]}}